{"id":99,"date":"2023-07-07T08:03:58","date_gmt":"2023-07-07T08:03:58","guid":{"rendered":"https:\/\/fvictorialaporta.org\/?page_id=99"},"modified":"2023-11-30T18:55:00","modified_gmt":"2023-11-30T18:55:00","slug":"buixcarro","status":"publish","type":"page","link":"https:\/\/fvictorialaporta.org\/index.php\/buixcarro\/","title":{"rendered":"Buixcarr\u00f3"},"content":{"rendered":"\t\t<div data-elementor-type=\"wp-page\" data-elementor-id=\"99\" class=\"elementor elementor-99\" data-elementor-post-type=\"page\">\n\t\t\t\t\t\t\t\t\t<section class=\"elementor-section elementor-top-section elementor-element elementor-element-39610974 elementor-section-full_width elementor-section-height-min-height elementor-section-items-stretch elementor-section-height-default\" data-id=\"39610974\" data-element_type=\"section\" data-settings=\"{&quot;background_background&quot;:&quot;classic&quot;}\">\n\t\t\t\t\t\t<div class=\"elementor-container elementor-column-gap-default\">\n\t\t\t\t\t<div class=\"elementor-column elementor-col-25 elementor-top-column elementor-element elementor-element-47cde7dc\" data-id=\"47cde7dc\" data-element_type=\"column\">\n\t\t\t<div class=\"elementor-widget-wrap elementor-element-populated\">\n\t\t\t\t\t\t\t\t<div class=\"elementor-element elementor-element-16c2b62c elementor-widget elementor-widget-image\" data-id=\"16c2b62c\" data-element_type=\"widget\" data-widget_type=\"image.default\">\n\t\t\t\t<div class=\"elementor-widget-container\">\n\t\t\t<style>\/*! elementor - v3.14.0 - 26-06-2023 *\/\n.elementor-widget-image{text-align:center}.elementor-widget-image a{display:inline-block}.elementor-widget-image a img[src$=\".svg\"]{width:48px}.elementor-widget-image img{vertical-align:middle;display:inline-block}<\/style>\t\t\t\t\t\t\t\t\t\t\t\t\t<a href=\"https:\/\/fvictorialaporta.org\">\n\t\t\t\t\t\t\t<img decoding=\"async\" src=\"https:\/\/fvictorialaporta.org\/wp-content\/uploads\/elementor\/thumbs\/Logo-nuevo-FVL_100x100px-qg4vrkj5u17zuto6gsieh5ip343bandj5daa7lfk6g.png\" title=\"Logo nuevo FVL_100x100px\" alt=\"Logo nuevo FVL_100x100px\" loading=\"lazy\" \/>\t\t\t\t\t\t\t\t<\/a>\n\t\t\t\t\t\t\t\t\t\t\t\t\t\t\t<\/div>\n\t\t\t\t<\/div>\n\t\t\t\t\t<\/div>\n\t\t<\/div>\n\t\t\t\t<div class=\"elementor-column elementor-col-50 elementor-top-column elementor-element elementor-element-4ca1b889\" data-id=\"4ca1b889\" data-element_type=\"column\">\n\t\t\t<div class=\"elementor-widget-wrap elementor-element-populated\">\n\t\t\t\t\t\t\t\t<div class=\"elementor-element elementor-element-5c33d27d elementor-nav-menu__align-center elementor-nav-menu--stretch elementor-nav-menu__text-align-center elementor-nav-menu--dropdown-tablet elementor-nav-menu--toggle elementor-nav-menu--burger elementor-widget elementor-widget-nav-menu\" data-id=\"5c33d27d\" data-element_type=\"widget\" data-settings=\"{&quot;full_width&quot;:&quot;stretch&quot;,&quot;layout&quot;:&quot;horizontal&quot;,&quot;submenu_icon&quot;:{&quot;value&quot;:&quot;&lt;i class=\\&quot;fas fa-caret-down\\&quot;&gt;&lt;\\\/i&gt;&quot;,&quot;library&quot;:&quot;fa-solid&quot;},&quot;toggle&quot;:&quot;burger&quot;}\" data-widget_type=\"nav-menu.default\">\n\t\t\t\t<div class=\"elementor-widget-container\">\n\t\t\t<link rel=\"stylesheet\" href=\"https:\/\/fvictorialaporta.org\/wp-content\/plugins\/elementor-pro\/assets\/css\/widget-nav-menu.min.css\">\t\t\t<nav class=\"elementor-nav-menu--main elementor-nav-menu__container elementor-nav-menu--layout-horizontal e--pointer-background e--animation-fade\">\n\t\t\t\t<ul id=\"menu-1-5c33d27d\" class=\"elementor-nav-menu\"><li class=\"menu-item menu-item-type-post_type menu-item-object-page menu-item-home menu-item-283\"><a href=\"https:\/\/fvictorialaporta.org\/\" class=\"elementor-item menu-link\">La Fundaci\u00f3n<\/a><\/li>\n<li class=\"menu-item menu-item-type-post_type menu-item-object-page menu-item-278\"><a href=\"https:\/\/fvictorialaporta.org\/index.php\/transparencia\/\" class=\"elementor-item menu-link\">Transparencia<\/a><\/li>\n<li class=\"menu-item menu-item-type-post_type menu-item-object-page menu-item-282\"><a href=\"https:\/\/fvictorialaporta.org\/index.php\/buixcarro\/\" class=\"elementor-item menu-link\">Buixcarr\u00f3<\/a><\/li>\n<li class=\"menu-item menu-item-type-post_type menu-item-object-page menu-item-281\"><a href=\"https:\/\/fvictorialaporta.org\/index.php\/actividades\/\" class=\"elementor-item menu-link\">Actividades<\/a><\/li>\n<li class=\"menu-item menu-item-type-post_type menu-item-object-page menu-item-280\"><a href=\"https:\/\/fvictorialaporta.org\/index.php\/contacto\/\" class=\"elementor-item menu-link\">Contacto<\/a><\/li>\n<li class=\"menu-item menu-item-type-post_type menu-item-object-page menu-item-279\"><a href=\"https:\/\/fvictorialaporta.org\/index.php\/publicaciones\/\" class=\"elementor-item menu-link\">Publicaciones<\/a><\/li>\n<\/ul>\t\t\t<\/nav>\n\t\t\t\t\t<div class=\"elementor-menu-toggle\" role=\"button\" tabindex=\"0\" aria-label=\"Alternar men\u00fa\" aria-expanded=\"false\">\n\t\t\t<i aria-hidden=\"true\" role=\"presentation\" class=\"elementor-menu-toggle__icon--open eicon-menu-bar\"><\/i><i aria-hidden=\"true\" role=\"presentation\" class=\"elementor-menu-toggle__icon--close eicon-close\"><\/i>\t\t\t<span class=\"elementor-screen-only\">Men\u00fa<\/span>\n\t\t<\/div>\n\t\t\t\t\t<nav class=\"elementor-nav-menu--dropdown elementor-nav-menu__container\" aria-hidden=\"true\">\n\t\t\t\t<ul id=\"menu-2-5c33d27d\" class=\"elementor-nav-menu\"><li class=\"menu-item menu-item-type-post_type menu-item-object-page menu-item-home menu-item-283\"><a href=\"https:\/\/fvictorialaporta.org\/\" class=\"elementor-item menu-link\" tabindex=\"-1\">La Fundaci\u00f3n<\/a><\/li>\n<li class=\"menu-item menu-item-type-post_type menu-item-object-page menu-item-278\"><a href=\"https:\/\/fvictorialaporta.org\/index.php\/transparencia\/\" class=\"elementor-item menu-link\" tabindex=\"-1\">Transparencia<\/a><\/li>\n<li class=\"menu-item menu-item-type-post_type menu-item-object-page menu-item-282\"><a href=\"https:\/\/fvictorialaporta.org\/index.php\/buixcarro\/\" class=\"elementor-item menu-link\" tabindex=\"-1\">Buixcarr\u00f3<\/a><\/li>\n<li class=\"menu-item menu-item-type-post_type menu-item-object-page menu-item-281\"><a href=\"https:\/\/fvictorialaporta.org\/index.php\/actividades\/\" class=\"elementor-item menu-link\" tabindex=\"-1\">Actividades<\/a><\/li>\n<li class=\"menu-item menu-item-type-post_type menu-item-object-page menu-item-280\"><a href=\"https:\/\/fvictorialaporta.org\/index.php\/contacto\/\" class=\"elementor-item menu-link\" tabindex=\"-1\">Contacto<\/a><\/li>\n<li class=\"menu-item menu-item-type-post_type menu-item-object-page menu-item-279\"><a href=\"https:\/\/fvictorialaporta.org\/index.php\/publicaciones\/\" class=\"elementor-item menu-link\" tabindex=\"-1\">Publicaciones<\/a><\/li>\n<\/ul>\t\t\t<\/nav>\n\t\t\t\t<\/div>\n\t\t\t\t<\/div>\n\t\t\t\t\t<\/div>\n\t\t<\/div>\n\t\t\t\t<div class=\"elementor-column elementor-col-25 elementor-top-column elementor-element elementor-element-309042ee\" data-id=\"309042ee\" data-element_type=\"column\">\n\t\t\t<div class=\"elementor-widget-wrap elementor-element-populated\">\n\t\t\t\t\t\t\t\t<div class=\"elementor-element elementor-element-8baf1fb elementor-shape-square e-grid-align-right elementor-widget__width-initial elementor-grid-0 elementor-widget elementor-widget-social-icons\" data-id=\"8baf1fb\" data-element_type=\"widget\" data-widget_type=\"social-icons.default\">\n\t\t\t\t<div class=\"elementor-widget-container\">\n\t\t\t<style>\/*! elementor - v3.14.0 - 26-06-2023 *\/\n.elementor-widget-social-icons.elementor-grid-0 .elementor-widget-container,.elementor-widget-social-icons.elementor-grid-mobile-0 .elementor-widget-container,.elementor-widget-social-icons.elementor-grid-tablet-0 .elementor-widget-container{line-height:1;font-size:0}.elementor-widget-social-icons:not(.elementor-grid-0):not(.elementor-grid-tablet-0):not(.elementor-grid-mobile-0) .elementor-grid{display:inline-grid}.elementor-widget-social-icons .elementor-grid{grid-column-gap:var(--grid-column-gap,5px);grid-row-gap:var(--grid-row-gap,5px);grid-template-columns:var(--grid-template-columns);justify-content:var(--justify-content,center);justify-items:var(--justify-content,center)}.elementor-icon.elementor-social-icon{font-size:var(--icon-size,25px);line-height:var(--icon-size,25px);width:calc(var(--icon-size, 25px) + (2 * var(--icon-padding, .5em)));height:calc(var(--icon-size, 25px) + (2 * var(--icon-padding, .5em)))}.elementor-social-icon{--e-social-icon-icon-color:#fff;display:inline-flex;background-color:#69727d;align-items:center;justify-content:center;text-align:center;cursor:pointer}.elementor-social-icon i{color:var(--e-social-icon-icon-color)}.elementor-social-icon svg{fill:var(--e-social-icon-icon-color)}.elementor-social-icon:last-child{margin:0}.elementor-social-icon:hover{opacity:.9;color:#fff}.elementor-social-icon-android{background-color:#a4c639}.elementor-social-icon-apple{background-color:#999}.elementor-social-icon-behance{background-color:#1769ff}.elementor-social-icon-bitbucket{background-color:#205081}.elementor-social-icon-codepen{background-color:#000}.elementor-social-icon-delicious{background-color:#39f}.elementor-social-icon-deviantart{background-color:#05cc47}.elementor-social-icon-digg{background-color:#005be2}.elementor-social-icon-dribbble{background-color:#ea4c89}.elementor-social-icon-elementor{background-color:#d30c5c}.elementor-social-icon-envelope{background-color:#ea4335}.elementor-social-icon-facebook,.elementor-social-icon-facebook-f{background-color:#3b5998}.elementor-social-icon-flickr{background-color:#0063dc}.elementor-social-icon-foursquare{background-color:#2d5be3}.elementor-social-icon-free-code-camp,.elementor-social-icon-freecodecamp{background-color:#006400}.elementor-social-icon-github{background-color:#333}.elementor-social-icon-gitlab{background-color:#e24329}.elementor-social-icon-globe{background-color:#69727d}.elementor-social-icon-google-plus,.elementor-social-icon-google-plus-g{background-color:#dd4b39}.elementor-social-icon-houzz{background-color:#7ac142}.elementor-social-icon-instagram{background-color:#262626}.elementor-social-icon-jsfiddle{background-color:#487aa2}.elementor-social-icon-link{background-color:#818a91}.elementor-social-icon-linkedin,.elementor-social-icon-linkedin-in{background-color:#0077b5}.elementor-social-icon-medium{background-color:#00ab6b}.elementor-social-icon-meetup{background-color:#ec1c40}.elementor-social-icon-mixcloud{background-color:#273a4b}.elementor-social-icon-odnoklassniki{background-color:#f4731c}.elementor-social-icon-pinterest{background-color:#bd081c}.elementor-social-icon-product-hunt{background-color:#da552f}.elementor-social-icon-reddit{background-color:#ff4500}.elementor-social-icon-rss{background-color:#f26522}.elementor-social-icon-shopping-cart{background-color:#4caf50}.elementor-social-icon-skype{background-color:#00aff0}.elementor-social-icon-slideshare{background-color:#0077b5}.elementor-social-icon-snapchat{background-color:#fffc00}.elementor-social-icon-soundcloud{background-color:#f80}.elementor-social-icon-spotify{background-color:#2ebd59}.elementor-social-icon-stack-overflow{background-color:#fe7a15}.elementor-social-icon-steam{background-color:#00adee}.elementor-social-icon-stumbleupon{background-color:#eb4924}.elementor-social-icon-telegram{background-color:#2ca5e0}.elementor-social-icon-thumb-tack{background-color:#1aa1d8}.elementor-social-icon-tripadvisor{background-color:#589442}.elementor-social-icon-tumblr{background-color:#35465c}.elementor-social-icon-twitch{background-color:#6441a5}.elementor-social-icon-twitter{background-color:#1da1f2}.elementor-social-icon-viber{background-color:#665cac}.elementor-social-icon-vimeo{background-color:#1ab7ea}.elementor-social-icon-vk{background-color:#45668e}.elementor-social-icon-weibo{background-color:#dd2430}.elementor-social-icon-weixin{background-color:#31a918}.elementor-social-icon-whatsapp{background-color:#25d366}.elementor-social-icon-wordpress{background-color:#21759b}.elementor-social-icon-xing{background-color:#026466}.elementor-social-icon-yelp{background-color:#af0606}.elementor-social-icon-youtube{background-color:#cd201f}.elementor-social-icon-500px{background-color:#0099e5}.elementor-shape-rounded .elementor-icon.elementor-social-icon{border-radius:10%}.elementor-shape-circle .elementor-icon.elementor-social-icon{border-radius:50%}<\/style>\t\t<div class=\"elementor-social-icons-wrapper elementor-grid\">\n\t\t\t\t\t\t\t<span class=\"elementor-grid-item\">\n\t\t\t\t\t<a class=\"elementor-icon elementor-social-icon elementor-social-icon-facebook-f elementor-repeater-item-fac13cb\" href=\"https:\/\/www.facebook.com\/fvictorialaporta\/\" target=\"_blank\">\n\t\t\t\t\t\t<span class=\"elementor-screen-only\">Facebook-f<\/span>\n\t\t\t\t\t\t<i class=\"fab fa-facebook-f\"><\/i>\t\t\t\t\t<\/a>\n\t\t\t\t<\/span>\n\t\t\t\t\t\t\t<span class=\"elementor-grid-item\">\n\t\t\t\t\t<a class=\"elementor-icon elementor-social-icon elementor-social-icon-instagram elementor-repeater-item-467570f\" href=\"https:\/\/www.instagram.com\/fund.victoria.laporta\/?hl=es\" target=\"_blank\">\n\t\t\t\t\t\t<span class=\"elementor-screen-only\">Instagram<\/span>\n\t\t\t\t\t\t<i class=\"fab fa-instagram\"><\/i>\t\t\t\t\t<\/a>\n\t\t\t\t<\/span>\n\t\t\t\t\t<\/div>\n\t\t\t\t<\/div>\n\t\t\t\t<\/div>\n\t\t\t\t\t<\/div>\n\t\t<\/div>\n\t\t\t\t\t\t\t<\/div>\n\t\t<\/section>\n\t\t\t\t<section class=\"elementor-section elementor-top-section elementor-element elementor-element-9baa5c8 elementor-section-full_width elementor-section-stretched elementor-section-height-default elementor-section-height-default\" data-id=\"9baa5c8\" data-element_type=\"section\" data-settings=\"{&quot;stretch_section&quot;:&quot;section-stretched&quot;}\">\n\t\t\t\t\t\t<div class=\"elementor-container elementor-column-gap-default\">\n\t\t\t\t\t<div class=\"elementor-column elementor-col-100 elementor-top-column elementor-element elementor-element-a2571dc\" data-id=\"a2571dc\" data-element_type=\"column\">\n\t\t\t<div class=\"elementor-widget-wrap elementor-element-populated\">\n\t\t\t\t\t\t\t\t<div class=\"elementor-element elementor-element-77fd668 elementor-widget__width-inherit elementor--h-position-center elementor--v-position-middle elementor-widget elementor-widget-slides\" data-id=\"77fd668\" data-element_type=\"widget\" data-settings=\"{&quot;navigation&quot;:&quot;none&quot;,&quot;autoplay&quot;:&quot;yes&quot;,&quot;pause_on_hover&quot;:&quot;yes&quot;,&quot;pause_on_interaction&quot;:&quot;yes&quot;,&quot;autoplay_speed&quot;:5000,&quot;infinite&quot;:&quot;yes&quot;,&quot;transition&quot;:&quot;slide&quot;,&quot;transition_speed&quot;:500}\" data-widget_type=\"slides.default\">\n\t\t\t\t<div class=\"elementor-widget-container\">\n\t\t\t<style>\/*! elementor-pro - v3.14.0 - 26-06-2023 *\/\n.elementor-slides .swiper-slide-bg{background-size:cover;background-position:50%;background-repeat:no-repeat;min-width:100%;min-height:100%}.elementor-slides .swiper-slide-inner{background-repeat:no-repeat;background-position:50%;position:absolute;top:0;left:0;bottom:0;right:0;padding:50px;margin:auto}.elementor-slides .swiper-slide-inner,.elementor-slides .swiper-slide-inner:hover{color:#fff;display:flex}.elementor-slides .swiper-slide-inner .elementor-background-overlay{position:absolute;z-index:0;top:0;bottom:0;left:0;right:0}.elementor-slides .swiper-slide-inner .elementor-slide-content{position:relative;z-index:1;width:100%}.elementor-slides .swiper-slide-inner .elementor-slide-heading{font-size:35px;font-weight:700;line-height:1}.elementor-slides .swiper-slide-inner .elementor-slide-description{font-size:17px;line-height:1.4}.elementor-slides .swiper-slide-inner .elementor-slide-description:not(:last-child),.elementor-slides .swiper-slide-inner .elementor-slide-heading:not(:last-child){margin-bottom:30px}.elementor-slides .swiper-slide-inner .elementor-slide-button{border:2px solid #fff;color:#fff;background:transparent;display:inline-block}.elementor-slides .swiper-slide-inner .elementor-slide-button,.elementor-slides .swiper-slide-inner .elementor-slide-button:hover{background:transparent;color:inherit;text-decoration:none}.elementor--v-position-top .swiper-slide-inner{align-items:flex-start}.elementor--v-position-bottom .swiper-slide-inner{align-items:flex-end}.elementor--v-position-middle .swiper-slide-inner{align-items:center}.elementor--h-position-left .swiper-slide-inner{justify-content:flex-start}.elementor--h-position-right .swiper-slide-inner{justify-content:flex-end}.elementor--h-position-center .swiper-slide-inner{justify-content:center}body.rtl .elementor-widget-slides .elementor-swiper-button-next{left:10px;right:auto}body.rtl .elementor-widget-slides .elementor-swiper-button-prev{right:10px;left:auto}.elementor-slides-wrapper div:not(.swiper-slide)>.swiper-slide-inner{display:none}@media (max-width:767px){.elementor-slides .swiper-slide-inner{padding:30px}.elementor-slides .swiper-slide-inner .elementor-slide-heading{font-size:23px;line-height:1;margin-bottom:15px}.elementor-slides .swiper-slide-inner .elementor-slide-description{font-size:13px;line-height:1.4;margin-bottom:15px}}<\/style>\t\t<div class=\"elementor-swiper\">\n\t\t\t<div class=\"elementor-slides-wrapper elementor-main-swiper swiper\" dir=\"ltr\" data-animation=\"fadeInUp\">\n\t\t\t\t<div class=\"swiper-wrapper elementor-slides\">\n\t\t\t\t\t\t\t\t\t\t<div class=\"elementor-repeater-item-4cbe255 swiper-slide\"><div class=\"swiper-slide-bg\" role=\"img\"><\/div><div class=\"swiper-slide-inner\" ><div class=\"swiper-slide-contents\"><\/div><\/div><\/div><div class=\"elementor-repeater-item-59ef4ac swiper-slide\"><div class=\"swiper-slide-bg\" role=\"img\"><\/div><div class=\"swiper-slide-inner\" ><div class=\"swiper-slide-contents\"><\/div><\/div><\/div><div class=\"elementor-repeater-item-125b920 swiper-slide\"><div class=\"swiper-slide-bg\" role=\"img\"><\/div><div class=\"swiper-slide-inner\" ><div class=\"swiper-slide-contents\"><\/div><\/div><\/div>\t\t\t\t<\/div>\n\t\t\t\t\t\t\t\t\t\t\t\t\t\t\t\t\t\t\t\t\t<\/div>\n\t\t<\/div>\n\t\t\t\t<\/div>\n\t\t\t\t<\/div>\n\t\t\t\t\t<\/div>\n\t\t<\/div>\n\t\t\t\t\t\t\t<\/div>\n\t\t<\/section>\n\t\t\t\t<section class=\"elementor-section elementor-top-section elementor-element elementor-element-51969d1 elementor-section-boxed elementor-section-height-default elementor-section-height-default\" data-id=\"51969d1\" data-element_type=\"section\">\n\t\t\t\t\t\t<div class=\"elementor-container elementor-column-gap-default\">\n\t\t\t\t\t<div class=\"elementor-column elementor-col-100 elementor-top-column elementor-element elementor-element-d408493\" data-id=\"d408493\" data-element_type=\"column\">\n\t\t\t<div class=\"elementor-widget-wrap elementor-element-populated\">\n\t\t\t\t\t\t\t\t<div class=\"elementor-element elementor-element-f6835d4 elementor-widget elementor-widget-heading\" data-id=\"f6835d4\" data-element_type=\"widget\" data-widget_type=\"heading.default\">\n\t\t\t\t<div class=\"elementor-widget-container\">\n\t\t\t<style>\/*! elementor - v3.14.0 - 26-06-2023 *\/\n.elementor-heading-title{padding:0;margin:0;line-height:1}.elementor-widget-heading .elementor-heading-title[class*=elementor-size-]>a{color:inherit;font-size:inherit;line-height:inherit}.elementor-widget-heading .elementor-heading-title.elementor-size-small{font-size:15px}.elementor-widget-heading .elementor-heading-title.elementor-size-medium{font-size:19px}.elementor-widget-heading .elementor-heading-title.elementor-size-large{font-size:29px}.elementor-widget-heading .elementor-heading-title.elementor-size-xl{font-size:39px}.elementor-widget-heading .elementor-heading-title.elementor-size-xxl{font-size:59px}<\/style><h1 class=\"elementor-heading-title elementor-size-default\">Buixcarr\u00f3<\/h1>\t\t<\/div>\n\t\t\t\t<\/div>\n\t\t\t\t<div class=\"elementor-element elementor-element-cd0302e elementor-widget elementor-widget-heading\" data-id=\"cd0302e\" data-element_type=\"widget\" data-widget_type=\"heading.default\">\n\t\t\t\t<div class=\"elementor-widget-container\">\n\t\t\t<h3 class=\"elementor-heading-title elementor-size-default\">\u00bfQu\u00e9 hacemos?<\/h3>\t\t<\/div>\n\t\t\t\t<\/div>\n\t\t\t\t<div class=\"elementor-element elementor-element-96d5ac4 elementor-widget elementor-widget-text-editor\" data-id=\"96d5ac4\" data-element_type=\"widget\" data-widget_type=\"text-editor.default\">\n\t\t\t\t<div class=\"elementor-widget-container\">\n\t\t\t<style>\/*! elementor - v3.14.0 - 26-06-2023 *\/\n.elementor-widget-text-editor.elementor-drop-cap-view-stacked .elementor-drop-cap{background-color:#69727d;color:#fff}.elementor-widget-text-editor.elementor-drop-cap-view-framed .elementor-drop-cap{color:#69727d;border:3px solid;background-color:transparent}.elementor-widget-text-editor:not(.elementor-drop-cap-view-default) .elementor-drop-cap{margin-top:8px}.elementor-widget-text-editor:not(.elementor-drop-cap-view-default) .elementor-drop-cap-letter{width:1em;height:1em}.elementor-widget-text-editor .elementor-drop-cap{float:left;text-align:center;line-height:1;font-size:50px}.elementor-widget-text-editor .elementor-drop-cap-letter{display:inline-block}<\/style>\t\t\t\t<p>El inicio del trabajo de la Fundaci\u00f3n se fundament\u00f3, de forma l\u00f3gica, en estudiar, de forma detallada Buixcarr\u00f3 nuestra finca de 655 Ha. Situada en el sector sureste del P.N. Serra de Mariola, entre los t\u00e9rminos municipales de Bocairent (Valencia) y Banyeres de Mariola (Alicante).<\/p><p>La Finca Buixcarr\u00f3 es una propiedad at\u00edpica por su superficie 658 hect\u00e1reas, en la esta regi\u00f3n es complicado encontrar fincas forestales de este tama\u00f1o, y por esto las posibilidades de actuaci\u00f3n y gesti\u00f3n, y la responsabilidad que tenemos son mayores.<\/p><p>Teniendo en cuenta que Mariola es una zona con un intenso pasado de usos, debido a la importante poblaci\u00f3n que la rodea (actualmente m\u00e1s de 150.000 habitantes, conviven en las siete poblaciones anexas a este enclave natural), y que este aspecto ha configurado los ecosistemas hasta el extremo de que la verdadera degradaci\u00f3n de los valores naturales, ha surgido con el abandono de las pr\u00e1cticas tradicionales que hab\u00edan contribuido a que el medio fuera m\u00e1s diverso y heterog\u00e9neo y los ecosistemas m\u00e1s complejos y maduros.<\/p><p>La actividad de la propiedad se basaba en un cultivo extensivo de secano y la ganader\u00eda de subsistencia. Pero adem\u00e1s Mariola, se ha vinculado, toda una diversificaci\u00f3n tradicional de aprovechamientos no agropecuarios, con una gran relevancia hist\u00f3rica, actualmente, la explotaci\u00f3n desequilibrada de dichos recursos y la evoluci\u00f3n t\u00e9cnica e industrial ha contribuido a la recesi\u00f3n o desaparici\u00f3n de estos usos.<\/p><p>Entre las actividades tradicionales de aprovechamiento de la sierra, la extracci\u00f3n de le\u00f1a y madera, para surtir hornos, y chimeneas, resaltaba sobre las dem\u00e1s. Asociadas a estas pr\u00e1cticas, emergieron nuevos aprovechamientos como la producci\u00f3n de carb\u00f3n vegetal, con el t\u00edpico sistema de carboneras, la construcci\u00f3n de hornos de cal para obtener cal viva y los habituales, y en ocasiones espectaculares, pozos de Nieve. Adem\u00e1s, esta zona, caracterizada por una diversidad bot\u00e1nica y de especies arom\u00e1ticas y condimentarias muy importante, cabe mencionar la explotaci\u00f3n de los recursos de flora silvestre no arb\u00f3rea, como hierbas medicinales o arom\u00e1ticas.<\/p>\t\t\t\t\t\t<\/div>\n\t\t\t\t<\/div>\n\t\t\t\t<section class=\"elementor-section elementor-inner-section elementor-element elementor-element-bb16af5 elementor-section-boxed elementor-section-height-default elementor-section-height-default\" data-id=\"bb16af5\" data-element_type=\"section\">\n\t\t\t\t\t\t<div class=\"elementor-container elementor-column-gap-default\">\n\t\t\t\t\t<div class=\"elementor-column elementor-col-50 elementor-inner-column elementor-element elementor-element-206ac9a\" data-id=\"206ac9a\" data-element_type=\"column\">\n\t\t\t<div class=\"elementor-widget-wrap elementor-element-populated\">\n\t\t\t\t\t\t\t\t<div class=\"elementor-element elementor-element-c2b57af elementor-widget elementor-widget-text-editor\" data-id=\"c2b57af\" data-element_type=\"widget\" data-widget_type=\"text-editor.default\">\n\t\t\t\t<div class=\"elementor-widget-container\">\n\t\t\t\t\t\t\t<p><span style=\"font-weight: 400;\">La <\/span><span style=\"font-weight: 400;\">Finca Buixcarr\u00f3 es una propiedad at\u00edpica por su superficie 658\u00a0<\/span><span style=\"font-weight: 400;\">hect\u00e1reas situada en el sector sur<\/span><span style=\"font-weight: 400;\">este <\/span><span style=\"font-weight: 400;\">del P.N. de la Serra de Mariola entre\u00a0<\/span><span style=\"font-weight: 400;\">los <\/span><span style=\"font-weight: 400;\">t\u00e9rminos municipales <\/span><span style=\"font-weight: 400;\">de <\/span><span style=\"font-weight: 400;\">Bocairent <\/span><span style=\"font-weight: 400;\">(<\/span><span style=\"font-weight: 400;\">Valencia<\/span><span style=\"font-weight: 400;\">) <\/span><span style=\"font-weight: 400;\">y <\/span><span style=\"font-weight: 400;\">Banyeres de Mariola (Alicante<\/span><span style=\"font-weight: 400;\">).<\/span><\/p>\t\t\t\t\t\t<\/div>\n\t\t\t\t<\/div>\n\t\t\t\t\t<\/div>\n\t\t<\/div>\n\t\t\t\t<div class=\"elementor-column elementor-col-50 elementor-inner-column elementor-element elementor-element-72d892f\" data-id=\"72d892f\" data-element_type=\"column\">\n\t\t\t<div class=\"elementor-widget-wrap elementor-element-populated\">\n\t\t\t\t\t\t\t\t<div class=\"elementor-element elementor-element-98fbf89 elementor-widget elementor-widget-image\" data-id=\"98fbf89\" data-element_type=\"widget\" data-widget_type=\"image.default\">\n\t\t\t\t<div class=\"elementor-widget-container\">\n\t\t\t\t\t\t\t\t\t\t\t\t\t\t\t<img loading=\"lazy\" decoding=\"async\" width=\"750\" height=\"500\" src=\"https:\/\/fvictorialaporta.org\/wp-content\/uploads\/2023\/07\/Buixcarro.webp\" class=\"attachment-large size-large wp-image-111\" alt=\"\" srcset=\"https:\/\/fvictorialaporta.org\/wp-content\/uploads\/2023\/07\/Buixcarro.webp 750w, https:\/\/fvictorialaporta.org\/wp-content\/uploads\/2023\/07\/Buixcarro-300x200.webp 300w\" sizes=\"auto, (max-width: 750px) 100vw, 750px\" \/>\t\t\t\t\t\t\t\t\t\t\t\t\t\t\t<\/div>\n\t\t\t\t<\/div>\n\t\t\t\t\t<\/div>\n\t\t<\/div>\n\t\t\t\t\t\t\t<\/div>\n\t\t<\/section>\n\t\t\t\t<div class=\"elementor-element elementor-element-7d8ef95 elementor-widget elementor-widget-spacer\" data-id=\"7d8ef95\" data-element_type=\"widget\" data-widget_type=\"spacer.default\">\n\t\t\t\t<div class=\"elementor-widget-container\">\n\t\t\t<style>\/*! elementor - v3.14.0 - 26-06-2023 *\/\n.elementor-column .elementor-spacer-inner{height:var(--spacer-size)}.e-con{--container-widget-width:100%}.e-con-inner>.elementor-widget-spacer,.e-con>.elementor-widget-spacer{width:var(--container-widget-width,var(--spacer-size));--align-self:var(--container-widget-align-self,initial);--flex-shrink:0}.e-con-inner>.elementor-widget-spacer>.elementor-widget-container,.e-con-inner>.elementor-widget-spacer>.elementor-widget-container>.elementor-spacer,.e-con>.elementor-widget-spacer>.elementor-widget-container,.e-con>.elementor-widget-spacer>.elementor-widget-container>.elementor-spacer{height:100%}.e-con-inner>.elementor-widget-spacer>.elementor-widget-container>.elementor-spacer>.elementor-spacer-inner,.e-con>.elementor-widget-spacer>.elementor-widget-container>.elementor-spacer>.elementor-spacer-inner{height:var(--container-widget-height,var(--spacer-size))}<\/style>\t\t<div class=\"elementor-spacer\">\n\t\t\t<div class=\"elementor-spacer-inner\"><\/div>\n\t\t<\/div>\n\t\t\t\t<\/div>\n\t\t\t\t<\/div>\n\t\t\t\t<div class=\"elementor-element elementor-element-d74658b elementor-widget elementor-widget-text-editor\" data-id=\"d74658b\" data-element_type=\"widget\" data-widget_type=\"text-editor.default\">\n\t\t\t\t<div class=\"elementor-widget-container\">\n\t\t\t\t\t\t\t<p><span style=\"font-weight: 400;\">Buixcarr\u00f3<\/span><span style=\"font-weight: 400;\">, <\/span><span style=\"font-weight: 400;\">estaba <\/span><span style=\"font-weight: 400;\">caracterizada <\/span><span style=\"font-weight: 400;\">por <\/span><span style=\"font-weight: 400;\">la <\/span><span style=\"font-weight: 400;\">existencia <\/span><span style=\"font-weight: 400;\">de un <\/span><span style=\"font-weight: 400;\">importante <\/span><span style=\"font-weight: 400;\">bosque clim\u00e1tico<\/span><span style=\"font-weight: 400;\">, <\/span><span style=\"font-weight: 400;\">con <\/span><span style=\"font-weight: 400;\">predominancia <\/span><span style=\"font-weight: 400;\">de <\/span><span style=\"font-weight: 400;\">encinas <\/span><span style=\"font-weight: 400;\">sobre <\/span><span style=\"font-weight: 400;\">las <\/span><span style=\"font-weight: 400;\">con\u00edferas <\/span><span style=\"font-weight: 400;\">y <\/span><span style=\"font-weight: 400;\">un <\/span><span style=\"font-weight: 400;\">sotobosque <\/span><span style=\"font-weight: 400;\">rico <\/span><span style=\"font-weight: 400;\">y <\/span><span style=\"font-weight: 400;\">diverso<\/span><span style=\"font-weight: 400;\">, <\/span><span style=\"font-weight: 400;\">muy <\/span><span style=\"font-weight: 400;\">cerca <\/span><span style=\"font-weight: 400;\">de un <\/span><span style=\"font-weight: 400;\">estado de <\/span><span style=\"font-weight: 400;\">evoluci\u00f3n <\/span><span style=\"font-weight: 400;\">casi <\/span><span style=\"font-weight: 400;\">definitivo<\/span><span style=\"font-weight: 400;\">, <\/span><span style=\"font-weight: 400;\">que <\/span><span style=\"font-weight: 400;\">se <\/span><span style=\"font-weight: 400;\">auto<\/span><span style=\"font-weight: 400;\">&#8211;<\/span><span style=\"font-weight: 400;\">sucede <\/span><span style=\"font-weight: 400;\">debido <\/span><span style=\"font-weight: 400;\">a <\/span><span style=\"font-weight: 400;\">madurez <\/span><span style=\"font-weight: 400;\">de <\/span><span style=\"font-weight: 400;\">su <\/span><span style=\"font-weight: 400;\">estructura <\/span><span style=\"font-weight: 400;\">y <\/span><span style=\"font-weight: 400;\">a la elevada adaptaci\u00f3n <\/span><span style=\"font-weight: 400;\">a <\/span><span style=\"font-weight: 400;\">las <\/span><span style=\"font-weight: 400;\">condiciones clim\u00e1ticas <\/span><span style=\"font-weight: 400;\">y <\/span><span style=\"font-weight: 400;\">ed\u00e1ficas <\/span><span style=\"font-weight: 400;\">de <\/span><span style=\"font-weight: 400;\">la <\/span><span style=\"font-weight: 400;\">zona<\/span><span style=\"font-weight: 400;\">.\u00a0<\/span><\/p><p><span style=\"font-weight: 400;\">Pero <\/span><span style=\"font-weight: 400;\">la finca <\/span><span style=\"font-weight: 400;\">se <\/span><span style=\"font-weight: 400;\">vio <\/span><span style=\"font-weight: 400;\">afectada <\/span><span style=\"font-weight: 400;\">por varios <\/span><span style=\"font-weight: 400;\">Incendios <\/span><span style=\"font-weight: 400;\">(<\/span><span style=\"font-weight: 400;\">el <\/span><span style=\"font-weight: 400;\">primero <\/span><span style=\"font-weight: 400;\">en <\/span><span style=\"font-weight: 400;\">1953 <\/span><span style=\"font-weight: 400;\">y <\/span><span style=\"font-weight: 400;\">el <\/span><span style=\"font-weight: 400;\">segundo<\/span><span style=\"font-weight: 400;\">, <\/span><span style=\"font-weight: 400;\">el <\/span><span style=\"font-weight: 400;\">importante incendio que <\/span><span style=\"font-weight: 400;\">calcin\u00f3 21.000 has<\/span><span style=\"font-weight: 400;\">. <\/span><span style=\"font-weight: 400;\">en el <\/span><span style=\"font-weight: 400;\">verano <\/span><span style=\"font-weight: 400;\">de <\/span><span style=\"font-weight: 400;\">1994<\/span><span style=\"font-weight: 400;\">, <\/span><span style=\"font-weight: 400;\">y <\/span><span style=\"font-weight: 400;\">que <\/span><span style=\"font-weight: 400;\">afect\u00f3 <\/span><span style=\"font-weight: 400;\">de <\/span><span style=\"font-weight: 400;\">forma <\/span><span style=\"font-weight: 400;\">importante <\/span><span style=\"font-weight: 400;\">los <\/span><span style=\"font-weight: 400;\">territorios <\/span><span style=\"font-weight: 400;\">del <\/span><span style=\"font-weight: 400;\">Parque <\/span><span style=\"font-weight: 400;\">Natural <\/span><span style=\"font-weight: 400;\">y <\/span><span style=\"font-weight: 400;\">hasta <\/span><span style=\"font-weight: 400;\">un <\/span><span style=\"font-weight: 400;\">70 <\/span><span style=\"font-weight: 400;\">% <\/span><span style=\"font-weight: 400;\">de <\/span>la <span style=\"font-weight: 400;\">superficie <\/span><span style=\"font-weight: 400;\">de <\/span><span style=\"font-weight: 400;\">Buixcarr\u00f3<\/span><span style=\"font-weight: 400;\">) <\/span><span style=\"font-weight: 400;\">los cuales<\/span><span style=\"font-weight: 400;\">, <\/span><span style=\"font-weight: 400;\">si <\/span><span style=\"font-weight: 400;\">ya <\/span><span style=\"font-weight: 400;\">son <\/span><span style=\"font-weight: 400;\">nocivos <\/span><span style=\"font-weight: 400;\">para <\/span><span style=\"font-weight: 400;\">el <\/span><span style=\"font-weight: 400;\">medio por <\/span><span style=\"font-weight: 400;\">s\u00ed <\/span><span style=\"font-weight: 400;\">solos<\/span><span style=\"font-weight: 400;\">, <\/span><span style=\"font-weight: 400;\">incrementan <\/span><span style=\"font-weight: 400;\">su <\/span><span style=\"font-weight: 400;\">poder <\/span><span style=\"font-weight: 400;\">de <\/span><span style=\"font-weight: 400;\">destrucci\u00f3n de <\/span><span style=\"font-weight: 400;\">los <\/span><span style=\"font-weight: 400;\">ecosistemas <\/span><span style=\"font-weight: 400;\">al <\/span><span style=\"font-weight: 400;\">repetirse <\/span><span style=\"font-weight: 400;\">en <\/span><span style=\"font-weight: 400;\">cortos <\/span><span style=\"font-weight: 400;\">periodos de <\/span><span style=\"font-weight: 400;\">tiempo<\/span><span style=\"font-weight: 400;\">.\u00a0<\/span><\/p><p><span style=\"font-weight: 400;\">Debido <\/span><span style=\"font-weight: 400;\">a <\/span><span style=\"font-weight: 400;\">ello <\/span><span style=\"font-weight: 400;\">en <\/span><span style=\"font-weight: 400;\">2003 <\/span><span style=\"font-weight: 400;\">Victoria <\/span><span style=\"font-weight: 400;\">Laporta<\/span><span style=\"font-weight: 400;\">, <\/span><span style=\"font-weight: 400;\">nuestra fundadora <\/span><span style=\"font-weight: 400;\">y <\/span><span style=\"font-weight: 400;\">primera <\/span><span style=\"font-weight: 400;\">presidenta <\/span><span style=\"font-weight: 400;\">cre\u00f3 <\/span><span style=\"font-weight: 400;\">la <\/span><span style=\"font-weight: 400;\">fundaci\u00f3n <\/span><span style=\"font-weight: 400;\">para <\/span><span style=\"font-weight: 400;\">recuperar <\/span><span style=\"font-weight: 400;\">ambientalmente <\/span><span style=\"font-weight: 400;\">Buixcarr\u00f3 <\/span><span style=\"font-weight: 400;\">y <\/span><span style=\"font-weight: 400;\">desde <\/span><span style=\"font-weight: 400;\">entonces <\/span><span style=\"font-weight: 400;\">trabajamos <\/span><span style=\"font-weight: 400;\">en <\/span><span style=\"font-weight: 400;\">la <\/span><span style=\"font-weight: 400;\">mejora <\/span><span style=\"font-weight: 400;\">de <\/span><span style=\"font-weight: 400;\">los <\/span><span style=\"font-weight: 400;\">ecosistemas <\/span><span style=\"font-weight: 400;\">y <\/span><span style=\"font-weight: 400;\">preservaci\u00f3n <\/span><span style=\"font-weight: 400;\">de <\/span><span style=\"font-weight: 400;\">los <\/span><span style=\"font-weight: 400;\">h\u00e1bitats <\/span><span style=\"font-weight: 400;\">y <\/span><span style=\"font-weight: 400;\">especies <\/span><span style=\"font-weight: 400;\">que <\/span><span style=\"font-weight: 400;\">pueblan <\/span><span style=\"font-weight: 400;\">Buixcarr\u00f3<\/span><span style=\"font-weight: 400;\">. <\/span><\/p>\t\t\t\t\t\t<\/div>\n\t\t\t\t<\/div>\n\t\t\t\t<div class=\"elementor-element elementor-element-6e1e6a4 elementor-widget elementor-widget-image\" data-id=\"6e1e6a4\" data-element_type=\"widget\" data-widget_type=\"image.default\">\n\t\t\t\t<div class=\"elementor-widget-container\">\n\t\t\t\t\t\t\t\t\t\t\t\t\t\t\t<img loading=\"lazy\" decoding=\"async\" width=\"1024\" height=\"947\" src=\"https:\/\/fvictorialaporta.org\/wp-content\/uploads\/2023\/07\/Buixcarro-Mapa-de-equipamientos-Finca-Buixcarro-REDUCIDA-1024x947-1.webp\" class=\"attachment-large size-large wp-image-115\" alt=\"\" srcset=\"https:\/\/fvictorialaporta.org\/wp-content\/uploads\/2023\/07\/Buixcarro-Mapa-de-equipamientos-Finca-Buixcarro-REDUCIDA-1024x947-1.webp 1024w, https:\/\/fvictorialaporta.org\/wp-content\/uploads\/2023\/07\/Buixcarro-Mapa-de-equipamientos-Finca-Buixcarro-REDUCIDA-1024x947-1-300x277.webp 300w, https:\/\/fvictorialaporta.org\/wp-content\/uploads\/2023\/07\/Buixcarro-Mapa-de-equipamientos-Finca-Buixcarro-REDUCIDA-1024x947-1-768x710.webp 768w\" sizes=\"auto, (max-width: 1024px) 100vw, 1024px\" \/>\t\t\t\t\t\t\t\t\t\t\t\t\t\t\t<\/div>\n\t\t\t\t<\/div>\n\t\t\t\t\t<\/div>\n\t\t<\/div>\n\t\t\t\t\t\t\t<\/div>\n\t\t<\/section>\n\t\t\t\t<section class=\"elementor-section elementor-top-section elementor-element elementor-element-725a6bb6 elementor-section-full_width elementor-section-height-default elementor-section-height-default\" data-id=\"725a6bb6\" data-element_type=\"section\" data-settings=\"{&quot;background_background&quot;:&quot;classic&quot;}\">\n\t\t\t\t\t\t<div class=\"elementor-container elementor-column-gap-default\">\n\t\t\t\t\t<div class=\"elementor-column elementor-col-50 elementor-top-column elementor-element elementor-element-5d936a9d\" data-id=\"5d936a9d\" data-element_type=\"column\">\n\t\t\t<div class=\"elementor-widget-wrap elementor-element-populated\">\n\t\t\t\t\t\t\t\t<div class=\"elementor-element elementor-element-77a2c8bc elementor-widget elementor-widget-text-editor\" data-id=\"77a2c8bc\" data-element_type=\"widget\" data-widget_type=\"text-editor.default\">\n\t\t\t\t<div class=\"elementor-widget-container\">\n\t\t\t\t\t\t\t<p>\u00a9 The Kompas Media 2023<\/p>\t\t\t\t\t\t<\/div>\n\t\t\t\t<\/div>\n\t\t\t\t\t<\/div>\n\t\t<\/div>\n\t\t\t\t<div class=\"elementor-column elementor-col-50 elementor-top-column elementor-element elementor-element-7a91839c\" data-id=\"7a91839c\" data-element_type=\"column\">\n\t\t\t<div class=\"elementor-widget-wrap elementor-element-populated\">\n\t\t\t\t\t\t\t\t<div class=\"elementor-element elementor-element-30b29e0d elementor-widget elementor-widget-text-editor\" data-id=\"30b29e0d\" data-element_type=\"widget\" data-widget_type=\"text-editor.default\">\n\t\t\t\t<div class=\"elementor-widget-container\">\n\t\t\t\t\t\t\t<p><span style=\"text-decoration: underline; color: #ffffff;\"><a style=\"color: #ffffff; text-decoration: underline;\" href=\"https:\/\/fvictorialaporta.org\/index.php\/aviso-legal\/\">Aviso Legal<\/a> &#8211; <a style=\"color: #ffffff; text-decoration: underline;\" href=\"https:\/\/fvictorialaporta.org\/index.php\/privacidad\/\">Privacidad<\/a> &#8211; <a style=\"color: #ffffff; text-decoration: underline;\" href=\"https:\/\/fvictorialaporta.org\/index.php\/cookies\/\">Cookies<\/a><\/span><\/p>\t\t\t\t\t\t<\/div>\n\t\t\t\t<\/div>\n\t\t\t\t\t<\/div>\n\t\t<\/div>\n\t\t\t\t\t\t\t<\/div>\n\t\t<\/section>\n\t\t\t\t\t\t\t<\/div>\n\t\t","protected":false},"excerpt":{"rendered":"<p>Facebook-f Instagram Buixcarr\u00f3 \u00bfQu\u00e9 hacemos? El inicio del trabajo de la Fundaci\u00f3n se fundament\u00f3, de forma l\u00f3gica, en estudiar, de forma detallada Buixcarr\u00f3 nuestra finca de 655 Ha. Situada en el sector sureste del P.N. Serra de Mariola, entre los t\u00e9rminos municipales de Bocairent (Valencia) y Banyeres de Mariola (Alicante). La Finca Buixcarr\u00f3 es una &hellip;<\/p>\n<p class=\"read-more\"> <a class=\"\" href=\"https:\/\/fvictorialaporta.org\/index.php\/buixcarro\/\"> <span class=\"screen-reader-text\">Buixcarr\u00f3<\/span> Leer m\u00e1s &raquo;<\/a><\/p>\n","protected":false},"author":2,"featured_media":0,"parent":0,"menu_order":0,"comment_status":"closed","ping_status":"closed","template":"elementor_canvas","meta":{"site-sidebar-layout":"no-sidebar","site-content-layout":"page-builder","ast-global-header-display":"","ast-banner-title-visibility":"","ast-main-header-display":"","ast-hfb-above-header-display":"","ast-hfb-below-header-display":"","ast-hfb-mobile-header-display":"","site-post-title":"disabled","ast-breadcrumbs-content":"","ast-featured-img":"disabled","footer-sml-layout":"","theme-transparent-header-meta":"","adv-header-id-meta":"","stick-header-meta":"","header-above-stick-meta":"","header-main-stick-meta":"","header-below-stick-meta":"","footnotes":""},"class_list":["post-99","page","type-page","status-publish","hentry"],"yoast_head":"<!-- This site is optimized with the Yoast SEO plugin v21.1 - https:\/\/yoast.com\/wordpress\/plugins\/seo\/ -->\n<title>Buixcarr\u00f3 - Fundaci\u00f3n Victoria Laporta<\/title>\n<meta name=\"description\" content=\"Trabajamos en la mejora de los ecosistemas y preservaci\u00f3n de los h\u00e1bitats y especies que pueblan Buixcarr\u00f3.\" \/>\n<meta name=\"robots\" content=\"index, follow, max-snippet:-1, max-image-preview:large, max-video-preview:-1\" \/>\n<link rel=\"canonical\" href=\"https:\/\/fvictorialaporta.org\/index.php\/buixcarro\/\" \/>\n<meta property=\"og:locale\" content=\"es_ES\" \/>\n<meta property=\"og:type\" content=\"article\" \/>\n<meta property=\"og:title\" content=\"Buixcarr\u00f3 - Fundaci\u00f3n Victoria Laporta\" \/>\n<meta property=\"og:description\" content=\"Trabajamos en la mejora de los ecosistemas y preservaci\u00f3n de los h\u00e1bitats y especies que pueblan Buixcarr\u00f3.\" \/>\n<meta property=\"og:url\" content=\"https:\/\/fvictorialaporta.org\/index.php\/buixcarro\/\" \/>\n<meta property=\"og:site_name\" content=\"Fundaci\u00f3n Victoria Laporta\" \/>\n<meta property=\"article:publisher\" content=\"https:\/\/www.facebook.com\/fvictorialaporta\/\" \/>\n<meta property=\"article:modified_time\" content=\"2023-11-30T18:55:00+00:00\" \/>\n<meta property=\"og:image\" content=\"https:\/\/fvictorialaporta.org\/wp-content\/uploads\/elementor\/thumbs\/Logo-nuevo-FVL_100x100px-qg4vrkj5u17zuto6gsieh5ip343bandj5daa5xw6ww.png\" \/>\n<meta name=\"twitter:card\" content=\"summary_large_image\" \/>\n<meta name=\"twitter:label1\" content=\"Tiempo de lectura\" \/>\n\t<meta name=\"twitter:data1\" content=\"3 minutos\" \/>\n<script type=\"application\/ld+json\" class=\"yoast-schema-graph\">{\"@context\":\"https:\/\/schema.org\",\"@graph\":[{\"@type\":\"WebPage\",\"@id\":\"https:\/\/fvictorialaporta.org\/index.php\/buixcarro\/\",\"url\":\"https:\/\/fvictorialaporta.org\/index.php\/buixcarro\/\",\"name\":\"Buixcarr\u00f3 - Fundaci\u00f3n Victoria Laporta\",\"isPartOf\":{\"@id\":\"https:\/\/fvictorialaporta.org\/#website\"},\"datePublished\":\"2023-07-07T08:03:58+00:00\",\"dateModified\":\"2023-11-30T18:55:00+00:00\",\"description\":\"Trabajamos en la mejora de los ecosistemas y preservaci\u00f3n de los h\u00e1bitats y especies que pueblan Buixcarr\u00f3.\",\"breadcrumb\":{\"@id\":\"https:\/\/fvictorialaporta.org\/index.php\/buixcarro\/#breadcrumb\"},\"inLanguage\":\"es\",\"potentialAction\":[{\"@type\":\"ReadAction\",\"target\":[\"https:\/\/fvictorialaporta.org\/index.php\/buixcarro\/\"]}]},{\"@type\":\"BreadcrumbList\",\"@id\":\"https:\/\/fvictorialaporta.org\/index.php\/buixcarro\/#breadcrumb\",\"itemListElement\":[{\"@type\":\"ListItem\",\"position\":1,\"name\":\"Portada\",\"item\":\"https:\/\/fvictorialaporta.org\/\"},{\"@type\":\"ListItem\",\"position\":2,\"name\":\"Buixcarr\u00f3\"}]},{\"@type\":\"WebSite\",\"@id\":\"https:\/\/fvictorialaporta.org\/#website\",\"url\":\"https:\/\/fvictorialaporta.org\/\",\"name\":\"Fundaci\u00f3n Victoria Laporta\",\"description\":\"Nuestros objetivos fundacionales se centran en el conocimiento de los ecosistemas, su flora y fauna y su preservaci\u00f3n y mejora, tambi\u00e9n en la puesta en valor del patrimonio cultural y etnogr\u00e1fico de la Sierra de Mariola, y en la formaci\u00f3n de profesionales en medio ambiente y la Educaci\u00f3n ambiental.\",\"publisher\":{\"@id\":\"https:\/\/fvictorialaporta.org\/#organization\"},\"potentialAction\":[{\"@type\":\"SearchAction\",\"target\":{\"@type\":\"EntryPoint\",\"urlTemplate\":\"https:\/\/fvictorialaporta.org\/?s={search_term_string}\"},\"query-input\":\"required name=search_term_string\"}],\"inLanguage\":\"es\"},{\"@type\":\"Organization\",\"@id\":\"https:\/\/fvictorialaporta.org\/#organization\",\"name\":\"Fundaci\u00f3n Victoria Laporta\",\"url\":\"https:\/\/fvictorialaporta.org\/\",\"logo\":{\"@type\":\"ImageObject\",\"inLanguage\":\"es\",\"@id\":\"https:\/\/fvictorialaporta.org\/#\/schema\/logo\/image\/\",\"url\":\"https:\/\/fvictorialaporta.org\/wp-content\/uploads\/2023\/11\/Logo-nuevo-FVL_150x150px.png\",\"contentUrl\":\"https:\/\/fvictorialaporta.org\/wp-content\/uploads\/2023\/11\/Logo-nuevo-FVL_150x150px.png\",\"width\":150,\"height\":150,\"caption\":\"Fundaci\u00f3n Victoria Laporta\"},\"image\":{\"@id\":\"https:\/\/fvictorialaporta.org\/#\/schema\/logo\/image\/\"},\"sameAs\":[\"https:\/\/www.facebook.com\/fvictorialaporta\/\",\"https:\/\/www.instagram.com\/fund.victoria.laporta\/?hl=es\"]}]}<\/script>\n<!-- \/ Yoast SEO plugin. -->","yoast_head_json":{"title":"Buixcarr\u00f3 - Fundaci\u00f3n Victoria Laporta","description":"Trabajamos en la mejora de los ecosistemas y preservaci\u00f3n de los h\u00e1bitats y especies que pueblan Buixcarr\u00f3.","robots":{"index":"index","follow":"follow","max-snippet":"max-snippet:-1","max-image-preview":"max-image-preview:large","max-video-preview":"max-video-preview:-1"},"canonical":"https:\/\/fvictorialaporta.org\/index.php\/buixcarro\/","og_locale":"es_ES","og_type":"article","og_title":"Buixcarr\u00f3 - Fundaci\u00f3n Victoria Laporta","og_description":"Trabajamos en la mejora de los ecosistemas y preservaci\u00f3n de los h\u00e1bitats y especies que pueblan Buixcarr\u00f3.","og_url":"https:\/\/fvictorialaporta.org\/index.php\/buixcarro\/","og_site_name":"Fundaci\u00f3n Victoria Laporta","article_publisher":"https:\/\/www.facebook.com\/fvictorialaporta\/","article_modified_time":"2023-11-30T18:55:00+00:00","og_image":[{"url":"https:\/\/fvictorialaporta.org\/wp-content\/uploads\/elementor\/thumbs\/Logo-nuevo-FVL_100x100px-qg4vrkj5u17zuto6gsieh5ip343bandj5daa5xw6ww.png"}],"twitter_card":"summary_large_image","twitter_misc":{"Tiempo de lectura":"3 minutos"},"schema":{"@context":"https:\/\/schema.org","@graph":[{"@type":"WebPage","@id":"https:\/\/fvictorialaporta.org\/index.php\/buixcarro\/","url":"https:\/\/fvictorialaporta.org\/index.php\/buixcarro\/","name":"Buixcarr\u00f3 - Fundaci\u00f3n Victoria Laporta","isPartOf":{"@id":"https:\/\/fvictorialaporta.org\/#website"},"datePublished":"2023-07-07T08:03:58+00:00","dateModified":"2023-11-30T18:55:00+00:00","description":"Trabajamos en la mejora de los ecosistemas y preservaci\u00f3n de los h\u00e1bitats y especies que pueblan Buixcarr\u00f3.","breadcrumb":{"@id":"https:\/\/fvictorialaporta.org\/index.php\/buixcarro\/#breadcrumb"},"inLanguage":"es","potentialAction":[{"@type":"ReadAction","target":["https:\/\/fvictorialaporta.org\/index.php\/buixcarro\/"]}]},{"@type":"BreadcrumbList","@id":"https:\/\/fvictorialaporta.org\/index.php\/buixcarro\/#breadcrumb","itemListElement":[{"@type":"ListItem","position":1,"name":"Portada","item":"https:\/\/fvictorialaporta.org\/"},{"@type":"ListItem","position":2,"name":"Buixcarr\u00f3"}]},{"@type":"WebSite","@id":"https:\/\/fvictorialaporta.org\/#website","url":"https:\/\/fvictorialaporta.org\/","name":"Fundaci\u00f3n Victoria Laporta","description":"Nuestros objetivos fundacionales se centran en el conocimiento de los ecosistemas, su flora y fauna y su preservaci\u00f3n y mejora, tambi\u00e9n en la puesta en valor del patrimonio cultural y etnogr\u00e1fico de la Sierra de Mariola, y en la formaci\u00f3n de profesionales en medio ambiente y la Educaci\u00f3n ambiental.","publisher":{"@id":"https:\/\/fvictorialaporta.org\/#organization"},"potentialAction":[{"@type":"SearchAction","target":{"@type":"EntryPoint","urlTemplate":"https:\/\/fvictorialaporta.org\/?s={search_term_string}"},"query-input":"required name=search_term_string"}],"inLanguage":"es"},{"@type":"Organization","@id":"https:\/\/fvictorialaporta.org\/#organization","name":"Fundaci\u00f3n Victoria Laporta","url":"https:\/\/fvictorialaporta.org\/","logo":{"@type":"ImageObject","inLanguage":"es","@id":"https:\/\/fvictorialaporta.org\/#\/schema\/logo\/image\/","url":"https:\/\/fvictorialaporta.org\/wp-content\/uploads\/2023\/11\/Logo-nuevo-FVL_150x150px.png","contentUrl":"https:\/\/fvictorialaporta.org\/wp-content\/uploads\/2023\/11\/Logo-nuevo-FVL_150x150px.png","width":150,"height":150,"caption":"Fundaci\u00f3n Victoria Laporta"},"image":{"@id":"https:\/\/fvictorialaporta.org\/#\/schema\/logo\/image\/"},"sameAs":["https:\/\/www.facebook.com\/fvictorialaporta\/","https:\/\/www.instagram.com\/fund.victoria.laporta\/?hl=es"]}]}},"_links":{"self":[{"href":"https:\/\/fvictorialaporta.org\/index.php\/wp-json\/wp\/v2\/pages\/99","targetHints":{"allow":["GET"]}}],"collection":[{"href":"https:\/\/fvictorialaporta.org\/index.php\/wp-json\/wp\/v2\/pages"}],"about":[{"href":"https:\/\/fvictorialaporta.org\/index.php\/wp-json\/wp\/v2\/types\/page"}],"author":[{"embeddable":true,"href":"https:\/\/fvictorialaporta.org\/index.php\/wp-json\/wp\/v2\/users\/2"}],"replies":[{"embeddable":true,"href":"https:\/\/fvictorialaporta.org\/index.php\/wp-json\/wp\/v2\/comments?post=99"}],"version-history":[{"count":29,"href":"https:\/\/fvictorialaporta.org\/index.php\/wp-json\/wp\/v2\/pages\/99\/revisions"}],"predecessor-version":[{"id":415,"href":"https:\/\/fvictorialaporta.org\/index.php\/wp-json\/wp\/v2\/pages\/99\/revisions\/415"}],"wp:attachment":[{"href":"https:\/\/fvictorialaporta.org\/index.php\/wp-json\/wp\/v2\/media?parent=99"}],"curies":[{"name":"wp","href":"https:\/\/api.w.org\/{rel}","templated":true}]}}